{"id":7601,"date":"2022-07-15T10:49:09","date_gmt":"2022-07-15T09:49:09","guid":{"rendered":"http:\/\/klima-fakten.net\/?page_id=7601"},"modified":"2022-07-15T12:39:18","modified_gmt":"2022-07-15T11:39:18","slug":"der-tanz-ums-kohlendioxid-mythen-und-fakten","status":"publish","type":"page","link":"https:\/\/klima-fakten.net\/?page_id=7601","title":{"rendered":"Der Tanz ums Kohlendioxid &#8211; Mythen und Fakten"},"content":{"rendered":"<div class=\"pdfprnt-buttons pdfprnt-buttons-page pdfprnt-top-right\"><a href=\"https:\/\/klima-fakten.net\/index.php?rest_route=wpv2pages7601&print=print\" class=\"pdfprnt-button pdfprnt-button-print\" target=\"_blank\"><img decoding=\"async\" src=\"https:\/\/klima-fakten.net\/wp-content\/plugins\/pdf-print\/images\/print.png\" alt=\"image_print\" title=\"Inhalt drucken\" \/><\/a><\/div>\n<h4 class=\"wp-block-heading\">CO<sub>2<\/sub>-Emissionen und CO<sub>2<\/sub>-Konzentration<\/h4>\n\n\n\n<figure class=\"wp-block-image size-large\"><img loading=\"lazy\" decoding=\"async\" width=\"1024\" height=\"451\" src=\"http:\/\/klima-fakten.net\/wp-content\/uploads\/2022\/07\/image-1024x451.png\" alt=\"\" class=\"wp-image-7604\" srcset=\"https:\/\/klima-fakten.net\/wp-content\/uploads\/2022\/07\/image-1024x451.png 1024w, https:\/\/klima-fakten.net\/wp-content\/uploads\/2022\/07\/image-300x132.png 300w, https:\/\/klima-fakten.net\/wp-content\/uploads\/2022\/07\/image-768x338.png 768w, https:\/\/klima-fakten.net\/wp-content\/uploads\/2022\/07\/image-1536x677.png 1536w, https:\/\/klima-fakten.net\/wp-content\/uploads\/2022\/07\/image.png 1650w\" sizes=\"auto, (max-width: 1024px) 100vw, 1024px\" \/><\/figure>\n\n\n\n<p>Seit Beginn der Industrialisierung sind die j\u00e4hrlichen Emissionen auf mittlerweile etwa 35 Gt CO2 pro Jahr angestiegen, was eine Erh\u00f6hung der Konzentration von urspr\u00fcnglich 280 ppm auf jetzt 410 ppm bewirkt hat.&nbsp; Es ist allerdings nicht ganz offensichtlich, wie der genaue Zusammenhang zwischen Emissionen und Konzentration ist.<\/p>\n\n\n\n<h4 class=\"wp-block-heading\">CO<sub>2<\/sub>-Konzentration und Mittel-Temperatur<\/h4>\n\n\n\n<figure class=\"wp-block-image size-large\"><img loading=\"lazy\" decoding=\"async\" width=\"1024\" height=\"476\" src=\"http:\/\/klima-fakten.net\/wp-content\/uploads\/2022\/07\/image-1-1024x476.png\" alt=\"\" class=\"wp-image-7606\" srcset=\"https:\/\/klima-fakten.net\/wp-content\/uploads\/2022\/07\/image-1-1024x476.png 1024w, https:\/\/klima-fakten.net\/wp-content\/uploads\/2022\/07\/image-1-300x139.png 300w, https:\/\/klima-fakten.net\/wp-content\/uploads\/2022\/07\/image-1-768x357.png 768w, https:\/\/klima-fakten.net\/wp-content\/uploads\/2022\/07\/image-1.png 1536w\" sizes=\"auto, (max-width: 1024px) 100vw, 1024px\" \/><\/figure>\n\n\n\n<p>Seit dem Beginn der Industrialisierung hat nicht nur die CO2-Konzentration zugenommen, sondern auch die Welt-Durchschnittstemperatur.<\/p>\n\n\n\n<p>Der Temperaturverlauf von 1900 bis 1970 zeigt aber, dass es keinen engen Zusammenhang mit der Zunahme des CO2-Konzentration gibt, und dass es mindestens noch einen weiteren Einflussfaktor f\u00fcr die Zu- bzw. Abnahme der Temperatur gibt. Erst ab 1975 nehmen beide Gr\u00f6\u00dfen in \u00e4hnlicher Weise zu.\u00a0 F\u00fcr die weitere Diskussion wird angenommen, dass\u00a0 hypothetisch mit der CO2-Konzentration die Welt-Mitteltemperatur vorhergesagt werden kann, obwohl die Temperaturerh\u00f6hung der letzten 40 Jahre ma\u00dfgeblich auf die verringerte Wolkenbedeckung zur\u00fcckzuf\u00fchren ist. <\/p>\n\n\n\n<p>Demzufolge ist die Temperatur seit Beginn der Industrialisierung um etwa 1\u00b0 C angestiegen, bei einem Anstieg der CO2-Konzentration um 130 ppm.&nbsp; Daraus&nbsp; kann man aus der zuk\u00fcnftigen CO2-Konzentration eine Obergrenze eines k\u00fcnftigen Temperaturanstiegs berechnen.&nbsp;<\/p>\n\n\n\n<h4 class=\"wp-block-heading\">G\u00e4ngige Behauptungen zu CO<sub>2<\/sub> und Klima<\/h4>\n\n\n\n<p>Die Diskussion um Klima und Energiewende wird von diesen Behauptungen bestimmt: <\/p>\n\n\n\n<ul class=\"wp-block-list\"><li>Die CO2 Emissionen steigen immer weiter an.<\/li><li>Von den Emissionen bleibt ein Teil f\u00fcr immer in der Atmosph\u00e4re. <\/li><li>Deswegen steigt auch die CO2 Konzentration immer weiter an.<\/li><li>Mit der CO2 Konzentration steigt die Temperatur immer weiter an. <\/li><li>Nur durch radikale \u201eNullemissionen\u201c kann die Welt gerettet werden.<\/li><\/ul>\n\n\n\n<h4 class=\"wp-block-heading\">Fakten und Antworten<\/h4>\n\n\n\n<p>Diese Behauptungen werden in die folgenden Ausf\u00fchrungen aufgrund folgender Fakten und Zusammenh\u00e4nge  relativiert:<\/p>\n\n\n\n<ul class=\"wp-block-list\"><li>Preiswerte Energie ist die Grundlage unseres Lebens und Wohlstandes.<\/li><li>Energie bleibt auf absehbare Zeit mit Emissionen verbunden.<\/li><li>Die Zeit des weltweiten Emissionsanstiegs ist bereits vorbei.<\/li><li>Emissionen und CO2 Konzentration h\u00e4ngen auf einfache Weise zusammen.<\/li><li>Der Anstieg der CO2-Konzentration endet in diesem Jahrhundert.<\/li><li>Die erwartete Temperaturerh\u00f6hung bleibt bei dem propagierten 1,5 Grad Ziel.<\/li><li>Eine weitere kostspielige Reduzierung der CO2 Emissionen ist nicht erforderlich<\/li><\/ul>\n\n\n\n<h4 class=\"wp-block-heading\">Wohlstand und Energieverbrauch<\/h4>\n\n\n\n<figure class=\"wp-block-image size-large\"><img loading=\"lazy\" decoding=\"async\" width=\"945\" height=\"715\" src=\"http:\/\/klima-fakten.net\/wp-content\/uploads\/2022\/07\/image-2.png\" alt=\"\" class=\"wp-image-7616\" srcset=\"https:\/\/klima-fakten.net\/wp-content\/uploads\/2022\/07\/image-2.png 945w, https:\/\/klima-fakten.net\/wp-content\/uploads\/2022\/07\/image-2-300x227.png 300w, https:\/\/klima-fakten.net\/wp-content\/uploads\/2022\/07\/image-2-768x581.png 768w\" sizes=\"auto, (max-width: 945px) 100vw, 945px\" \/><\/figure>\n\n\n\n<p>Der Zusammenhang zwischen Energieverbrauch und Wohlstand ist sehr eng.<\/p>\n\n\n\n<p>Es ist viel \u00fcber die Entkopplung von Wirtschaftswachstum von der Energie gesprochen worden. Vermeintlich ist diese Entkopplung in einigen Industriel\u00e4ndern gelungen. <br>Das ist aber ein Fehlschluss: In diesen L\u00e4ndern (z.B. Gro\u00dfbritannien, Deutschland) ist die energieintensive Industrie abgebaut worden und in die Schwellenl\u00e4nder wie China und Indien oder nach Osteuropa verlegt worden.\u00a0 <br>Alles was viel Energie braucht, insbesondere die Herstellung der Komponenten \u201eerneuerbarer\u201c Energie wie Solarmodule oder Li-Ionen Akkus, wandert aus den hochentwickelten L\u00e4ndern ab.<\/p>\n\n\n\n<p>Durch Effizienzverbesserungen ist tats\u00e4chlich eine gewisse Senkung des Energieverbrauchs m\u00f6glich, dies wird seit Jahrzehnten auf vielf\u00e4ltige Weise angewandt.&nbsp;<\/p>\n\n\n\n<p>Aber in erster Linie ist eine Wohlstandsverbesserung strikt mit Energieeinsatz verbunden: <\/p>\n\n\n\n<ul class=\"wp-block-list\"><li>Heizung der ganzen Wohnung statt eines einzigen Zimmers<\/li><li>T\u00e4gliche Dusche statt einmal in der Woche baden<\/li><li>Nutzung von Ger\u00e4ten wie Waschmaschine, Sp\u00fclmaschine, Fernseher<\/li><li>Mobilit\u00e4t durch eigenes Fahrzeug, Bahn, Flugzeug. <\/li><li>Nutzung von Wirtschaftsg\u00fctern.<\/li><li>Arbeit mit dem Computer, Mobiltelefon.<\/li><li>Infrastruktur des Internet und Mobiltelefonnetze.<\/li><li>Gut bezahlte Arbeit.<\/li><\/ul>\n\n\n\n<p>Dadurch dass die Prim\u00e4renergie zu 80% fossil ist, sind CO<sub>2<\/sub>-Emissionen ein Ma\u00df f\u00fcr den Wohlstand<\/p>\n\n\n\n<h4 class=\"wp-block-heading\">Genauerer Blick auf CO<sub>2<\/sub>-Emissionen<\/h4>\n\n\n\n<figure class=\"wp-block-image size-large\"><img loading=\"lazy\" decoding=\"async\" width=\"1024\" height=\"600\" src=\"http:\/\/klima-fakten.net\/wp-content\/uploads\/2022\/07\/image-3-1024x600.png\" alt=\"\" class=\"wp-image-7621\" srcset=\"https:\/\/klima-fakten.net\/wp-content\/uploads\/2022\/07\/image-3-1024x600.png 1024w, https:\/\/klima-fakten.net\/wp-content\/uploads\/2022\/07\/image-3-300x176.png 300w, https:\/\/klima-fakten.net\/wp-content\/uploads\/2022\/07\/image-3-768x450.png 768w, https:\/\/klima-fakten.net\/wp-content\/uploads\/2022\/07\/image-3.png 1218w\" sizes=\"auto, (max-width: 1024px) 100vw, 1024px\" \/><\/figure>\n\n\n\n<p>Neuere Publikationen haben ergeben, dass das Maximum der CO2-Emissionen im Rahmen der Me\u00dfgenauigkeit bereits im Jahre 2010 erreicht war.<\/p>\n\n\n\n<p>Sp\u00e4testens im Jahre 2019 war das globale Maximum der CO2-Emissionen \u00fcberschritten. Damit war das erste Kriterium des Pariser Klimaabkommens de facto weltweit bereits zum Zeitpunkt der Ver\u00f6ffentlichung des Dokuments 2015 erreicht: \u201eDie L\u00e4nder m\u00fcssen den Zustand maximaler Emissionen m\u00f6glichst bald erreichen\u201c.<\/p>\n\n\n\n<h4 class=\"wp-block-heading\">Relatives Wachstum der CO<sub>2<\/sub>-Emissionen<\/h4>\n\n\n\n<figure class=\"wp-block-image size-large\"><img loading=\"lazy\" decoding=\"async\" width=\"1024\" height=\"513\" src=\"http:\/\/klima-fakten.net\/wp-content\/uploads\/2022\/07\/image-4-1024x513.png\" alt=\"\" class=\"wp-image-7623\" srcset=\"https:\/\/klima-fakten.net\/wp-content\/uploads\/2022\/07\/image-4-1024x513.png 1024w, https:\/\/klima-fakten.net\/wp-content\/uploads\/2022\/07\/image-4-300x150.png 300w, https:\/\/klima-fakten.net\/wp-content\/uploads\/2022\/07\/image-4-768x385.png 768w, https:\/\/klima-fakten.net\/wp-content\/uploads\/2022\/07\/image-4.png 1425w\" sizes=\"auto, (max-width: 1024px) 100vw, 1024px\" \/><\/figure>\n\n\n\n<p>Ausgehend von dem Tiefpunkt nach dem 2. Weltkrieg &#8211;  um etwa 1950 beginnt ein \u00fcber 2 Jahrzehnte w\u00e4hrendes 4% j\u00e4hrliches Wachstum der weltweiten Emissionen bzw. Energieverbrauchs, mit dem H\u00f6hepunkt im Jahre 1970. Diese Zeit nannte man in Deutschland \u201eWirtschaftswunder\u201c. <\/p>\n\n\n\n<p>Interessanterweise geht dann das Wachstum des Energieverbrauchs bereits in den 2 Jahren vor der \u00d6lkrise zur\u00fcck. Wer sich genauer mit Energiefragen besch\u00e4ftigt, wei\u00df, dass 1970 das Jahr der maximalen Erd\u00f6lf\u00f6rderung in den USA war. Von da an begann Energie teurer zu werden. In der Folge der \u00d6lkrise und die Energieverteuerung und den daraus folgenden Verwerfungen der Wirtschaft geht das Wachstum des Energieverbrauchs fast auf 0 zur\u00fcck, steigt nach 1978 durch die aufsteigenden Schwellenl\u00e4nder und dann in den 90-er Jahren nach dem Zusammenbruch des Kommunismus den Aufstieg auch der Entwicklungsl\u00e4nder nochmal stark an bis zum Maximum von etwa 3% im Jahre 2003. <\/p>\n\n\n\n<p>Seit 2003 geht der Anstieg stetig zur\u00fcck und kreuzt zwischen 2018 und 2019 die Nullinie. Das bedeutet, dass die maximale fossile Energieerzeugung im Jahre 2018 oder 2019 war. In den hier verwendeten Zahlen sind die Korrekturen der neuesten Publikationen noch nicht ber\u00fccksichtigt. <\/p>\n\n\n\n<h4 class=\"wp-block-heading\">Emissionen pro Person<\/h4>\n\n\n\n<figure class=\"wp-block-image size-large\"><img loading=\"lazy\" decoding=\"async\" width=\"1024\" height=\"575\" src=\"http:\/\/klima-fakten.net\/wp-content\/uploads\/2022\/07\/image-5-1024x575.png\" alt=\"\" class=\"wp-image-7625\" srcset=\"https:\/\/klima-fakten.net\/wp-content\/uploads\/2022\/07\/image-5-1024x575.png 1024w, https:\/\/klima-fakten.net\/wp-content\/uploads\/2022\/07\/image-5-300x168.png 300w, https:\/\/klima-fakten.net\/wp-content\/uploads\/2022\/07\/image-5-768x431.png 768w, https:\/\/klima-fakten.net\/wp-content\/uploads\/2022\/07\/image-5.png 1272w\" sizes=\"auto, (max-width: 1024px) 100vw, 1024px\" \/><\/figure>\n\n\n\n<p>Eine aufschlussreiche Sicht ergibt sich, wenn wir die weltweite Emissionen pro Person betrachten. Nach dem rasanten Anstieg in den Sechziger Jahren wird 1970 ein leicht fallendes Plateau bei etwas \u00fcber 4 t CO2 pro Jahr erreicht. Dieses Plateau ist leicht mit dem Wohlstand der Industriel\u00e4nder zu identifizieren, und der leichte Abfall vor 2000 mit der technologiebedingten Effizienzverbesserung. <\/p>\n\n\n\n<p>Ab dem Jahre 2000 nehmen bis zum Jahre 2010 die durchschnittlichen Emissionen nochmal deutlich zu und fallen dann, am deutlichsten im Corona-Jahr 2020.&nbsp;&nbsp; Diese Erh\u00f6hung des Energieverbrauchs steht daf\u00fcr, dass in den Schwellen- und Entwicklungsl\u00e4ndern die Lebensqualit\u00e4t deutlich zugenommen hat und sich die Anzahl der \u00c4rmsten seit 1990 in weniger als 25 Jahren halbiert hat.<\/p>\n\n\n\n<h4 class=\"wp-block-heading\">CO<sub>2<\/sub> Emissionen und Lebenserwartung<\/h4>\n\n\n\n<figure class=\"wp-block-image size-large\"><img loading=\"lazy\" decoding=\"async\" width=\"1024\" height=\"526\" src=\"http:\/\/klima-fakten.net\/wp-content\/uploads\/2022\/07\/image-6-1024x526.png\" alt=\"\" class=\"wp-image-7627\" srcset=\"https:\/\/klima-fakten.net\/wp-content\/uploads\/2022\/07\/image-6-1024x526.png 1024w, https:\/\/klima-fakten.net\/wp-content\/uploads\/2022\/07\/image-6-300x154.png 300w, https:\/\/klima-fakten.net\/wp-content\/uploads\/2022\/07\/image-6-768x394.png 768w, https:\/\/klima-fakten.net\/wp-content\/uploads\/2022\/07\/image-6.png 1433w\" sizes=\"auto, (max-width: 1024px) 100vw, 1024px\" \/><\/figure>\n\n\n\n<p>Insbesondere hat die weltweite Lebenserwartung seit 1920 von 35 Jahren und seit 1975 von 60 Jahren bis heute auf 70 Jahre zugenommen.<\/p>\n\n\n\n<p>Erst durch die Verf\u00fcgbarkeit von Energie k\u00f6nnen die hygienischen und Ern\u00e4hrungsbedingungen geschaffen werden, die das Sterben von Kindern verhindern und so das Ansteigen der Lebenserwartung erm\u00f6glichten.&nbsp;<\/p>\n\n\n\n<h4 class=\"wp-block-heading\">CO<sub>2<\/sub>-Konzentration und Begr\u00fcnung<\/h4>\n\n\n\n<figure class=\"wp-block-image size-large\"><img loading=\"lazy\" decoding=\"async\" width=\"1024\" height=\"523\" src=\"http:\/\/klima-fakten.net\/wp-content\/uploads\/2022\/07\/image-7-1024x523.png\" alt=\"\" class=\"wp-image-7628\" srcset=\"https:\/\/klima-fakten.net\/wp-content\/uploads\/2022\/07\/image-7-1024x523.png 1024w, https:\/\/klima-fakten.net\/wp-content\/uploads\/2022\/07\/image-7-300x153.png 300w, https:\/\/klima-fakten.net\/wp-content\/uploads\/2022\/07\/image-7-768x392.png 768w, https:\/\/klima-fakten.net\/wp-content\/uploads\/2022\/07\/image-7-1536x785.png 1536w, https:\/\/klima-fakten.net\/wp-content\/uploads\/2022\/07\/image-7.png 1599w\" sizes=\"auto, (max-width: 1024px) 100vw, 1024px\" \/><\/figure>\n\n\n\n<p>Durch den Anstieg der CO2-Konzentration hat in den letzten 40 Jahren die Begr\u00fcnung der Erde deutlich zugenommen, weil Pflanzen mit einem h\u00f6heren CO2-Gehalt in der Atmosph\u00e4re besser gedeihen und weniger Wasser ben\u00f6tigen.<\/p>\n\n\n\n<p>Nachweislich ist der gr\u00f6\u00dfte Teil dieser Begr\u00fcnung auf die Zunahme von CO2 zur\u00fcckzuf\u00fchren.<\/p>\n\n\n\n<p>Wir halten fest:<\/p>\n\n\n\n<p>Das Gedeihen unseres Lebens und unser Wohlstand ist untrennbar mit dem Energieverbrauch verbunden. Wenig Energie hei\u00dft Armut und Not, viel Energie hei\u00dft Wohlstand und Wohlbefinden.<\/p>\n\n\n\n<p>Stand heute stammen \u00fcber 80% unseres Energieverbrauchs aus fossilen Quellen: Kohle, Erd\u00f6l und Erdgas.<\/p>\n\n\n\n<p>Durch Effizienzverbesserungen l\u00e4sst sich Energie in bescheidenem Umfang einsparen, sodass man langfristige einen leichten R\u00fcckgang des Energieverbrauchs pro Person ohne Einschr\u00e4nkung des Wohlstandes erwarten kann.<\/p>\n\n\n\n<p>Das Maximum der weltweiten Emissionen ist \u00fcberschritten, es sind \u2013 nicht zuletzt durch die steigenden Energiepreise \u2013 keine weiteren Steigerungen der Emissionen zu erwarten.<\/p>\n\n\n\n<p>Um ein besseres Verst\u00e4ndnis zu bekommen, welche CO2-Konzentrationen wir erwarten k\u00f6nnen, wollen wir den Zusammenhang zwischen Emissionen und CO2-Konzentration betrachten, um daraus die zuk\u00fcnftige Entwicklung zuverl\u00e4ssig vorhersagen zu k\u00f6nnen.<\/p>\n\n\n\n<h4 class=\"wp-block-heading\">CO<sub>2<\/sub> Haushalt der Erde<\/h4>\n\n\n\n<figure class=\"wp-block-image size-large\"><img loading=\"lazy\" decoding=\"async\" width=\"1024\" height=\"606\" src=\"http:\/\/klima-fakten.net\/wp-content\/uploads\/2022\/07\/image-8-1024x606.png\" alt=\"\" class=\"wp-image-7630\" srcset=\"https:\/\/klima-fakten.net\/wp-content\/uploads\/2022\/07\/image-8-1024x606.png 1024w, https:\/\/klima-fakten.net\/wp-content\/uploads\/2022\/07\/image-8-300x178.png 300w, https:\/\/klima-fakten.net\/wp-content\/uploads\/2022\/07\/image-8-768x455.png 768w, https:\/\/klima-fakten.net\/wp-content\/uploads\/2022\/07\/image-8.png 1206w\" sizes=\"auto, (max-width: 1024px) 100vw, 1024px\" \/><\/figure>\n\n\n\n<p>Wir haben (im oberen Teil des Diagramms die Emissionen, die von fossilen Brennstoffen und von Ver\u00e4nderungen der Landnutzung (Abholzung, Verst\u00e4dterung, etc.) herr\u00fchren. Diese fassen wir zu den Emissionen pro Jahr E(J) zusammen.<br>Im unteren Teil haben wir die sogenannten Senken, wo CO2 absorbiert wird, sei es im Ozean, sei es in der Biosph\u00e4re auf dem Land. Der Rest verbleibt in der Atmosph\u00e4re.<br>Nicht dargestellt sind hier die Anteile des nat\u00fcrlichen Kreislaufs von CO2 mit den nat\u00fcrlichen Emissionen und den dazugeh\u00f6rigen nat\u00fcrlichen Absorptionen.<\/p>\n\n\n\n<h4 class=\"wp-block-heading\">Bilanzgleichung des atmosph\u00e4rischen CO<sub>2<\/sub><\/h4>\n\n\n\n<p>&nbsp;&nbsp;&nbsp;&nbsp;&nbsp;&nbsp; G(J) = C(J) \u2013 C(J-1) = E(J) + N (J) \u2013 A(J)<\/p>\n\n\n\n<p>G(J): Wachstum CO2-Konzentration im Jahr J<br>C(J): CO2-Konzentration im Jahr J<br>E(J): Anthropogene Emissionen im Jahr J<br>N(J): Nat\u00fcrliche Emissionen im Jahr J<br>A(J): Absorptionen im Jahre J<\/p>\n\n\n\n<p>Der Anstieg der atmosph\u00e4rischen Konzentration G(J), die Differenz der CO2-Konzentration zum Vorjahr, ergibt sich aus den anthropogenen Emissionen E(J) und den nat\u00fcrlichen Emissionen N(J), vermindert um die Absorptionen in die Ozeane und die Biosph\u00e4re.<\/p>\n\n\n\n<p>Das ist wie bei der Bilanz eines Bankkontos, wo sich der Gewinn des Jahres J G(J) aus der&nbsp; Summe der Einnahmen E(J) + N(J), vermindert um die Ausgaben A(J) ergibt.&nbsp;&nbsp;<\/p>\n\n\n\n<p>Die Bilanzgleichung gilt auch in vorindustrieller Zeit. Die anthropogenen Emissionen E(J) sind 0, die CO2-Konzentration bleibt konstant, also ist auch G(J) = 0, und ohne au\u00dfergew\u00f6hnliche Ereignisse wie Vulkanausbr\u00fcche sind die nat\u00fcrlichen Emissionen gleich gro\u00df wie die Absorptionen.<\/p>\n\n\n\n<p>\u00dcblicherweise wird, um den Zusammenhang zwischen Emissionen und CO2-Konzentration zu erforschen, die Frage gestellt \u201eWieviel CO2 bleibt in der Atmosph\u00e4re?\u201c, und durch Erforschung der Absorptionsmechanismen der Biosph\u00e4re und der Ozeane eine Sch\u00e4tzung des atmosph\u00e4rischen Anteils vorgenommen.<\/p>\n\n\n\n<p>Wir wollen einen anderen Ansatz verfolgen und ver\u00e4ndern die Fragestellung.<\/p>\n\n\n\n<h4 class=\"wp-block-heading\">Wieviel&nbsp; CO<sub>2<\/sub> bleibt nicht in der Atmosph\u00e4re?<\/h4>\n\n\n\n<p>E(J) \u2013 G(J) = A(J) \u2013 N(J)<\/p>\n\n\n\n<figure class=\"wp-block-image size-large\"><img loading=\"lazy\" decoding=\"async\" width=\"1024\" height=\"530\" src=\"http:\/\/klima-fakten.net\/wp-content\/uploads\/2022\/07\/image-9-1024x530.png\" alt=\"\" class=\"wp-image-7633\" srcset=\"https:\/\/klima-fakten.net\/wp-content\/uploads\/2022\/07\/image-9-1024x530.png 1024w, https:\/\/klima-fakten.net\/wp-content\/uploads\/2022\/07\/image-9-300x155.png 300w, https:\/\/klima-fakten.net\/wp-content\/uploads\/2022\/07\/image-9-768x398.png 768w, https:\/\/klima-fakten.net\/wp-content\/uploads\/2022\/07\/image-9.png 1422w\" sizes=\"auto, (max-width: 1024px) 100vw, 1024px\" \/><\/figure>\n\n\n\n<p>Die entscheidende \u00dcberlegung hier ist, dass wir statt der sonst \u00fcblichen Frage<br><strong>\u201eWieviel CO2 bleibt in der Atmosph\u00e4re?\u201c<\/strong><br>die gleichwertige, aber sehr viel zielf\u00fchrendere Frage stellen<br><strong>\u201eWieviel CO2 bleibt nicht in der Atmosph\u00e4re?\u201c<\/strong>,<br>denn durch die regelm\u00e4\u00dfigen genauen Messungen der CO2-Konzentration wissen wir genau, wieviel CO2 jedes Jahr in der Atmosph\u00e4re verbleibt, und wir k\u00f6nnen daraus die Summer der von Ozeanen und Biosph\u00e4re aufgenommene Menge an CO2, vermindert um die nat\u00fcrlichen Emissionen, leicht berechnen<\/p>\n\n\n\n<p>Die nat\u00fcrlichen Emissionen kennen wir nicht, wir nehmen an, dass sie sich innerhalb des betrachteten Zeitraums nicht systematisch ver\u00e4ndern, also etwa konstant bleiben.<\/p>\n\n\n\n<p>In der vorindustriellen Zeit, ohne anthropogene Emissionen und bei gleichbleibender CO2-Konzentration, halten sich Absorption und nat\u00fcrliche Emissionen grade die Waage.<\/p>\n\n\n\n<h4 class=\"wp-block-heading\">Absorption und CO<sub>2<\/sub>-Konzentration<\/h4>\n\n\n\n<figure class=\"wp-block-image size-large\"><img loading=\"lazy\" decoding=\"async\" width=\"1024\" height=\"509\" src=\"http:\/\/klima-fakten.net\/wp-content\/uploads\/2022\/07\/image-10-1024x509.png\" alt=\"\" class=\"wp-image-7637\" srcset=\"https:\/\/klima-fakten.net\/wp-content\/uploads\/2022\/07\/image-10-1024x509.png 1024w, https:\/\/klima-fakten.net\/wp-content\/uploads\/2022\/07\/image-10-300x149.png 300w, https:\/\/klima-fakten.net\/wp-content\/uploads\/2022\/07\/image-10-768x382.png 768w, https:\/\/klima-fakten.net\/wp-content\/uploads\/2022\/07\/image-10.png 1189w\" sizes=\"auto, (max-width: 1024px) 100vw, 1024px\" \/><\/figure>\n\n\n\n<p>Modell: A(J) \u2013 N (J) = 1\/60 *(C(J-1)-245)<\/p>\n\n\n\n<p>Wenn wir die relative Absorption gegen die CO2-Konzentration in der gleichen Ma\u00dfeinheit (ppm) auftragen, sieht man, dass die Werte ungef\u00e4hr auf einer Geraden liegen. Das hei\u00dft, dass die Absorption in der Biosph\u00e4re und den Ozeanen mit wachsender CO2-Konzentration zunimmt. Das ist verst\u00e4ndlich, denn alle Diffusionsprozesse sind ebenso wie die Photosynthese proportional zur Konzentration.<\/p>\n\n\n\n<p>Die Steigung der Ausgleichsgeraden ist ) (2.6-1.1)\/(400-310) = 1.5\/90 = 1\/60.<\/p>\n\n\n\n<p>Die relative Absorption 0 w\u00fcrde etwa bei 245 ppm erreicht.&nbsp;&nbsp;<\/p>\n\n\n\n<p>Damit bekommen wir ein einfaches Modell f\u00fcr den Zusammenhang zwischen Emissionen und CO2-Konzentration, das wir f\u00fcr Prognosen verwenden k\u00f6nnen.<\/p>\n\n\n\n<h4 class=\"wp-block-heading\">\u00dcberpr\u00fcfung des Modells<\/h4>\n\n\n\n<figure class=\"wp-block-image size-large\"><img loading=\"lazy\" decoding=\"async\" width=\"1024\" height=\"451\" src=\"http:\/\/klima-fakten.net\/wp-content\/uploads\/2022\/07\/image-11-1024x451.png\" alt=\"\" class=\"wp-image-7639\" srcset=\"https:\/\/klima-fakten.net\/wp-content\/uploads\/2022\/07\/image-11-1024x451.png 1024w, https:\/\/klima-fakten.net\/wp-content\/uploads\/2022\/07\/image-11-300x132.png 300w, https:\/\/klima-fakten.net\/wp-content\/uploads\/2022\/07\/image-11-768x338.png 768w, https:\/\/klima-fakten.net\/wp-content\/uploads\/2022\/07\/image-11-1536x676.png 1536w, https:\/\/klima-fakten.net\/wp-content\/uploads\/2022\/07\/image-11.png 1622w\" sizes=\"auto, (max-width: 1024px) 100vw, 1024px\" \/><\/figure>\n\n\n\n<p>Die gemessenen relativen Absorptionen werden von dem Modell hervorragend erkl\u00e4rt.<\/p>\n\n\n\n<h4 class=\"wp-block-heading\">K\u00fcnftige Emissionen \u2013 nach IEA-Prognose<\/h4>\n\n\n\n<figure class=\"wp-block-image size-large\"><img loading=\"lazy\" decoding=\"async\" width=\"1024\" height=\"545\" src=\"http:\/\/klima-fakten.net\/wp-content\/uploads\/2022\/07\/image-12-1024x545.png\" alt=\"\" class=\"wp-image-7640\" srcset=\"https:\/\/klima-fakten.net\/wp-content\/uploads\/2022\/07\/image-12-1024x545.png 1024w, https:\/\/klima-fakten.net\/wp-content\/uploads\/2022\/07\/image-12-300x160.png 300w, https:\/\/klima-fakten.net\/wp-content\/uploads\/2022\/07\/image-12-768x409.png 768w, https:\/\/klima-fakten.net\/wp-content\/uploads\/2022\/07\/image-12.png 1342w\" sizes=\"auto, (max-width: 1024px) 100vw, 1024px\" \/><\/figure>\n\n\n\n<p>Die Internationale Energie-Agentur IEA hat mehrere Zukunftsszenarien des weltweiten Energieverbrauchs bis 2050 entworfen.<\/p>\n\n\n\n<p>Das sog. \u201eStated Policies\u201c Szenario geht davon aus, dass weltweit die Emissionen nicht drastisch gesenkt werden, sondern dass im wesentlichen die bisherige Praxis beibehalten wird. Dies bedeutet, dass zun\u00e4chst die weltweiten Emissionen konstant bleiben und im Rahmen normaler Effizienzverbesserungen geringer werden.&nbsp; Bei den Jahren 2050-2100 werden die Trends fortgeschrieben. Bei den Emissionen durch Landverbrauch wird ab 2020 der bisherige leicht fallende Trend bis 2100 fortgeschrieben, mit der Annahme, dass die Menschheit weiterhin bem\u00fcht bleibt und Fortschritte macht, die \u00d6kologie zu erhalten.&nbsp;&nbsp;<\/p>\n\n\n\n<h4 class=\"wp-block-heading\">K\u00fcnftige Emissionen pro Person<\/h4>\n\n\n\n<figure class=\"wp-block-image size-large\"><img loading=\"lazy\" decoding=\"async\" width=\"1024\" height=\"574\" src=\"http:\/\/klima-fakten.net\/wp-content\/uploads\/2022\/07\/image-13-1024x574.png\" alt=\"\" class=\"wp-image-7641\" srcset=\"https:\/\/klima-fakten.net\/wp-content\/uploads\/2022\/07\/image-13-1024x574.png 1024w, https:\/\/klima-fakten.net\/wp-content\/uploads\/2022\/07\/image-13-300x168.png 300w, https:\/\/klima-fakten.net\/wp-content\/uploads\/2022\/07\/image-13-768x430.png 768w, https:\/\/klima-fakten.net\/wp-content\/uploads\/2022\/07\/image-13.png 1273w\" sizes=\"auto, (max-width: 1024px) 100vw, 1024px\" \/><\/figure>\n\n\n\n<p>Diese Sicht zeigt den dramatischen Einschnitt auf den pers\u00f6nlichen Energieverbraucht durch die Corona-Einschr\u00e4nkungen. Da die Weltbev\u00f6lkerung bis etwa 2060 auf dann 9 Milliarden anw\u00e4chst, ist der pers\u00f6nliche R\u00fcckgang der Emissionen deutlicher als der globale. Das zeigt, dass bereits die stabile Begrenzung der Emissionen auf einen global konstanten Wert, ohne neue Armut zu schaffen, eine gro\u00dfe Herausforderung darstellt, die bereits 10 Jahre&nbsp; lang erfolgreich gemeistert wurde.&nbsp;<\/p>\n\n\n\n<h4 class=\"wp-block-heading\">K\u00fcnftige CO<sub>2<\/sub>-Konzentration<\/h4>\n\n\n\n<figure class=\"wp-block-image size-large\"><img loading=\"lazy\" decoding=\"async\" width=\"1024\" height=\"468\" src=\"http:\/\/klima-fakten.net\/wp-content\/uploads\/2022\/07\/image-14-1024x468.png\" alt=\"\" class=\"wp-image-7643\" srcset=\"https:\/\/klima-fakten.net\/wp-content\/uploads\/2022\/07\/image-14-1024x468.png 1024w, https:\/\/klima-fakten.net\/wp-content\/uploads\/2022\/07\/image-14-300x137.png 300w, https:\/\/klima-fakten.net\/wp-content\/uploads\/2022\/07\/image-14-768x351.png 768w, https:\/\/klima-fakten.net\/wp-content\/uploads\/2022\/07\/image-14-1536x702.png 1536w, https:\/\/klima-fakten.net\/wp-content\/uploads\/2022\/07\/image-14.png 1725w\" sizes=\"auto, (max-width: 1024px) 100vw, 1024px\" \/><\/figure>\n\n\n\n<p>Mit dem \u201eStated Policies\u201c Szenario der IEA ergibt sich gegen Ende des Jahrhunderts (also etwa 2080) ein Gleichgewicht zwischen Emissionen und Absorptionen, bei einer CO2-Konzentration von 475 ppm.&nbsp; Das ist die viel beschworene Netto-Null-Bedingung, wo genauso viel CO2 absorbiert wird wie emittiert wird.<\/p>\n\n\n\n<p>Die Konzentration von 475 ppm sind 65 ppm mehr als heute, und damit 50% mehr als seit dem Beginn der Industrialisierung bis heute.&nbsp;<\/p>\n\n\n\n<h4 class=\"wp-block-heading\">K\u00fcnftige Erw\u00e4rmung?<\/h4>\n\n\n\n<p>Konservative Annahme:<br>Erw\u00e4rmung der letzten 170 Jahre war ausschlie\u00dflich CO2-bedingt.<\/p>\n\n\n\n<p>Vergangenheit: Erh\u00f6hung um 130 ppm =&gt; 1 Grad<\/p>\n\n\n\n<p>Zukunft:&nbsp;&nbsp;&nbsp;&nbsp;&nbsp;&nbsp;&nbsp;&nbsp;&nbsp;&nbsp;&nbsp;&nbsp; Erh\u00f6hung um 65 ppm =&gt; 0.5 Grad<\/p>\n\n\n\n<p>Demzufolge bleibt die Temperaturerh\u00f6hung bei dem k\u00fcnftigen Maximalgehalt von 475 ppm bei maximal 1.5 Grad \u00fcber dem vorindustriellen Niveau.<\/p>\n\n\n\n<h4 class=\"wp-block-heading\">Pariser Klimaabkommen automatisch erf\u00fcllt<\/h4>\n\n\n\n<p>Das Erreichen der Temperaturerh\u00f6hung von 1.5\u00b0 C gegen\u00fcber dem vorindustriellen Niveau &#8212; ohne weitere spezielle Ma\u00dfnahmen zur Senkung der Emissionen &#8212; entspricht genau den Vorgaben den Pariser Klimaabkommens:<\/p>\n\n\n\n<p><br><strong>\u201e\u2026um ein Gleichgewicht zwischen den anthropogenen Emissionen durch Quellen und Absorptionen durch Treibhausgas-Senken in der zweiten H\u00e4lfte dieses Jahrhunderts zu erreichen.\u201c<\/strong><\/p>\n","protected":false},"excerpt":{"rendered":"<p>CO2-Emissionen und CO2-Konzentration Seit Beginn der Industrialisierung sind die j\u00e4hrlichen Emissionen auf mittlerweile etwa 35 Gt CO2 pro Jahr angestiegen, was eine Erh\u00f6hung der Konzentration &hellip; <\/p>\n","protected":false},"author":1,"featured_media":0,"parent":0,"menu_order":0,"comment_status":"closed","ping_status":"closed","template":"","meta":{"_monsterinsights_skip_tracking":false,"_monsterinsights_sitenote_active":false,"_monsterinsights_sitenote_note":"","_monsterinsights_sitenote_category":0,"_uf_show_specific_survey":0,"_uf_disable_surveys":false,"twitterCardType":"","cardImageID":0,"cardImage":"","cardTitle":"","cardDesc":"","cardImageAlt":"","cardPlayer":"","cardPlayerWidth":0,"cardPlayerHeight":0,"cardPlayerStream":"","cardPlayerCodec":"","footnotes":""},"class_list":["post-7601","page","type-page","status-publish","hentry"],"_links":{"self":[{"href":"https:\/\/klima-fakten.net\/index.php?rest_route=\/wp\/v2\/pages\/7601","targetHints":{"allow":["GET"]}}],"collection":[{"href":"https:\/\/klima-fakten.net\/index.php?rest_route=\/wp\/v2\/pages"}],"about":[{"href":"https:\/\/klima-fakten.net\/index.php?rest_route=\/wp\/v2\/types\/page"}],"author":[{"embeddable":true,"href":"https:\/\/klima-fakten.net\/index.php?rest_route=\/wp\/v2\/users\/1"}],"replies":[{"embeddable":true,"href":"https:\/\/klima-fakten.net\/index.php?rest_route=%2Fwp%2Fv2%2Fcomments&post=7601"}],"version-history":[{"count":38,"href":"https:\/\/klima-fakten.net\/index.php?rest_route=\/wp\/v2\/pages\/7601\/revisions"}],"predecessor-version":[{"id":7656,"href":"https:\/\/klima-fakten.net\/index.php?rest_route=\/wp\/v2\/pages\/7601\/revisions\/7656"}],"wp:attachment":[{"href":"https:\/\/klima-fakten.net\/index.php?rest_route=%2Fwp%2Fv2%2Fmedia&parent=7601"}],"curies":[{"name":"wp","href":"https:\/\/api.w.org\/{rel}","templated":true}]}}